{"id":31,"date":"2013-04-03T07:50:49","date_gmt":"2013-04-03T05:50:49","guid":{"rendered":"http:\/\/www.weppelmann.de\/?page_id=31"},"modified":"2020-10-08T15:23:47","modified_gmt":"2020-10-08T13:23:47","slug":"projekte-2013","status":"publish","type":"page","link":"http:\/\/www.weppelmann.de\/?page_id=31","title":{"rendered":"Workforlife.2021"},"content":{"rendered":"<div class=\"pf-content\"><p style=\"text-align: center;\"><a href=\"http:\/\/www.weppelmann.de\/wp-content\/uploads\/2013\/03\/01-Winterschlaf-2011.jpg\"><img loading=\"lazy\" decoding=\"async\" class=\"wp-image-10 alignleft\" src=\"http:\/\/www.weppelmann.de\/wp-content\/uploads\/2013\/03\/01-Winterschlaf-2011-300x224.jpg\" alt=\"01 Winterschlaf 2011\" width=\"612\" height=\"457\" srcset=\"http:\/\/www.weppelmann.de\/wp-content\/uploads\/2013\/03\/01-Winterschlaf-2011-300x224.jpg 300w, http:\/\/www.weppelmann.de\/wp-content\/uploads\/2013\/03\/01-Winterschlaf-2011.jpg 387w\" sizes=\"auto, (max-width: 612px) 100vw, 612px\" \/><\/a><span id=\"result_box\" lang=\"en\"><\/span><\/p>\n<h3 style=\"text-align: left;\"><span id=\"result_box\" lang=\"en\"><span class=\"hps\"><strong><strong>workforlife.2021<\/strong><span id=\"result_box\" lang=\"en\"><\/span><\/strong><br \/>\n<\/span><\/span><\/h3>\n<h3 style=\"text-align: center;\"><strong>&#8230; lass das leben g\u00e4ren in der kunst um sich vom tellerrand der welt in die zeit zu st\u00fcrzen und die lichten h\u00f6hen und zornigen schatten zu durchmessen ..<br \/>\n<\/strong><\/h3>\n<p><strong>Jedes k\u00fcnstlerische Arbeit ist eine Chance neue Sensibilit\u00e4ten und Freiheiten zu entwickeln <\/strong>&#8222;Erst ist alles au\u00dfer Kontrolle, und ich bin ein willf\u00e4hriges Objekt des Themas, lebe wild mit und au\u00dfer Form, umkreise das Zentrum, stolpere durch alle Tiefen und H\u00f6hen, befrage, sichte alle Welten, und und irgendwann erf\u00fchle ich sicher eine Reifung, zu einer L\u00f6sung, zu einer Strategie, dann fange ich an zu konkretisieren, zu arbeiten und dann ist es gut, denn das ist meine Freiheit f\u00fcr die Kunst und zur Kunst &#8230; &#8220;<\/p>\n<p><strong>aktuelle Unternehmungen 2020\/21 : <a href=\"www.wordcoast.de\">wordcoast #\u00a0<\/a> <\/strong>The Adventures of Rob Cabbage<strong> # <\/strong> <a href=\"http:\/\/www.gardenstreet.de\">www.gardenstreet.de<\/a>\u00a0 # Sorrow and Pity # The Garden World of Wilm Weppelmann #<a href=\"http:\/\/www.derwinterschlaf.de\"> Der zweite Winterschlaf von Wilm Weppelmann<\/a>,\u00a0\u00a0 Gem\u00fcseheimat u.a.<\/p>\n<p>&nbsp;<\/p>\n<\/div>","protected":false},"excerpt":{"rendered":"<p>workforlife.2021 &#8230; lass das leben g\u00e4ren in der kunst um sich vom tellerrand der welt in die zeit zu st\u00fcrzen<\/p>\n","protected":false},"author":2,"featured_media":0,"parent":0,"menu_order":0,"comment_status":"closed","ping_status":"closed","template":"","meta":{"footnotes":""},"class_list":["post-31","page","type-page","status-publish","hentry"],"_links":{"self":[{"href":"http:\/\/www.weppelmann.de\/index.php?rest_route=\/wp\/v2\/pages\/31","targetHints":{"allow":["GET"]}}],"collection":[{"href":"http:\/\/www.weppelmann.de\/index.php?rest_route=\/wp\/v2\/pages"}],"about":[{"href":"http:\/\/www.weppelmann.de\/index.php?rest_route=\/wp\/v2\/types\/page"}],"author":[{"embeddable":true,"href":"http:\/\/www.weppelmann.de\/index.php?rest_route=\/wp\/v2\/users\/2"}],"replies":[{"embeddable":true,"href":"http:\/\/www.weppelmann.de\/index.php?rest_route=%2Fwp%2Fv2%2Fcomments&post=31"}],"version-history":[{"count":30,"href":"http:\/\/www.weppelmann.de\/index.php?rest_route=\/wp\/v2\/pages\/31\/revisions"}],"predecessor-version":[{"id":1552,"href":"http:\/\/www.weppelmann.de\/index.php?rest_route=\/wp\/v2\/pages\/31\/revisions\/1552"}],"wp:attachment":[{"href":"http:\/\/www.weppelmann.de\/index.php?rest_route=%2Fwp%2Fv2%2Fmedia&parent=31"}],"curies":[{"name":"wp","href":"https:\/\/api.w.org\/{rel}","templated":true}]}}