{"id":539,"date":"2014-01-12T17:51:14","date_gmt":"2014-01-12T15:51:14","guid":{"rendered":"http:\/\/www.weppelmann.de\/?page_id=539"},"modified":"2020-10-07T11:30:04","modified_gmt":"2020-10-07T09:30:04","slug":"0-1998-prolog","status":"publish","type":"page","link":"http:\/\/www.weppelmann.de\/?page_id=539","title":{"rendered":"0 &#8211; 1998 Prolog"},"content":{"rendered":"<div class=\"pf-content\"><h4 class=\"witztext\" style=\"text-align: center;\"><span class=\"gf\">\u201e<\/span>Alle Vergangenheit ist nur ein Prolog.<span class=\"gf\">\u201c<\/span> William Shakespeare &#8222;Der Sturm&#8220;<\/h4>\n<p class=\"witztext\" style=\"text-align: left;\">]~0[ <a href=\"http:\/\/en.wikipedia.org\/wiki\/What%27s_past_is_prologue\">&#8222;What\u2019s past is prologue&#8220;<\/a> William Shakespeare &#8222;<i>The Tempest<\/i>&#8220; Act 2, Scene I<\/p>\n<p>]=17.4.57[ L\u00fcdinghausen # Verortung nachts mit doppelter Nabelschnurumschlingung und &#8222;ich war da&#8220;<\/p>\n<p>]~64[ L\u00fcdinghausen # Exit Kindheit &gt; Pavor Nocturns<\/p>\n<p>]64&gt;[ Ottmarsbocholt. Senden. M\u00fcnster # dann wusste ich schon etwas anderes, es war anders, zwar nur irgendwie anders, aber ein ungef\u00e4hr anders, den traum vom leben musste ich neu anders anders anfangen, anders suchen beginnen, mit neuen anderen, die verwirrungen aushalten, den mut zum nichtwissen, ruhelos unstetig meine freiheit anders retten, das musste ich und konnte ich nicht<\/p>\n<p>]75&gt;[ Rolf Dieter Brinkmann . Westw\u00e4rts 1 &amp; 2\u00a0 und dann 23.4.1975 ..<i><br \/>\n<\/i><\/p>\n<p>]77&gt;[ Versuche, Normalit\u00e4ten und\u00a0 Versuchungen, Scheitern<\/p>\n<p>]=77[ Kassel # einige Zeit &#8222;documenta 6&#8220; mit \u00dcbernachtung in der Orangerie, tags\u00fcber Joseph Beuys &#8222;One Hundred Days of the Free International University&#8220;<\/p>\n<p>]79&gt;[ Enschede. Hannover. Amsterdam # Kollaboration mit Reindeer Werk &amp; Associates # spez. Hermann Herdick &amp; Dennis Zanoni \/Enschede, Angelika Maiworm &amp; Emilio Winschetti \/ Hannover, Gallerie Odem # performance art<\/p>\n<p>&#8218;Associates are those that chose to be so, and who are willing to work for themselves. lt is not for experts in the Arts, Sciences or Religions, but for people, by people, for themselves. Associates is neither a club nor an ideology with high ideals on how to lead one&#8217;s life. It is no guide-only a tool for very precisely confusing oneself.&#8216; John 1979<\/p>\n<p>]81&gt;[ Berlin. Bochum. Wien. Amsterdam # Theater, Theater &amp; Theater # gesehen, gef\u00fchlt und gestaunt # Aischylos &#8222;Die Orestie I, II &amp; III&#8220; Schaub\u00fchne Regie: Peter Stein # Mickery Theatre \/ Amsterdam (legendary centre for experimental theatre in the 70s) # &#8222;Death, Destruction &amp; Detroit I&#8220; von Robert Wilson u.a.<\/p>\n<p>]81&gt;[ M\u00fcnster # Universit\u00e4t # Germanistik, Philosophie, Publizistik &#8211; sehr unwesentlich<\/p>\n<p>]81&gt;[ M\u00fcnster # Dramaturgie- und Regieassistent Zimmertheater M\u00fcnster mit Regieassistenz: UA David Mamet &#8222;Sexual Perversity in Chicago&#8220; u.a.<\/p>\n<p>]=82[ M\u00fcnster # Ausstellung &#8222;Gehirnhinterhof I&#8220;<\/p>\n<p>]=84[ D\u00fcsseldorf # B\u00fchnenbild zu Heiner M\u00fcller &#8222;Quartett&#8220; beim &#8222;Jhawemirc Theater&#8220; in D\u00fcsseldorf<\/p>\n<p>]85&gt;[ M\u00fcnster &#8211; die Leidenschaft Fotografie fing an zu arbeiten, professionell zu arbeiten ..<\/p>\n<p>]87~97[ M\u00fcnster # verloren &#8211; f\u00fcr die Verlagskarriere und die Liebe oder die Liebe mit 60 Zigaretten am Tag<\/p>\n<p>]90&gt;[ the landscape # Scotland # the melancholy of loneliness<\/p>\n<p>]=96[ Gedichtband &#8222;Aus dem W\u00f6rterbuch der Sterblichkeiten&#8220; &#8211; Tod. ich war Zeit. f\u00fcr ein St\u00fcck Erde. das nach Erde riecht.<\/p>\n<p>]=16.4.1997[ M\u00fcnster # Reset # D<span id=\"Defibrillation\" class=\"mw-headline\">efibrillation UKM<br \/>\n<\/span><\/p>\n<p>]97&gt;[ Kyoto \/J, Boston \/USA, <i>Ir\u00e1klio <\/i>\/GR und Glasgow \/GB<\/p>\n<p>]98&gt;[ das schiff war schon weit \u00fcbers land geraten, furchen hatte es in die tage getrieben, irrwege st\u00fcrme ausgestanden, trotzdem sprach vieles daf\u00fcr, dass es noch einige monde \u00fcberstehen w\u00fcrde, es war auf dem weg neue str\u00f6mungen wasser quellen untiefen pf\u00fctzen b\u00e4che jenseits des meeres zu erkunden, kleines gro\u00dfes in wache kr\u00e4fte zu verwandeln, manchmal war es nicht allein in seiner neugier auf fremde ufer, aber die furcht vor pflichtigen verkn\u00fcpfungen lie\u00df es wieder aufbrechen und oft blieb ein st\u00fcck nacht zur\u00fcck, mit dem niemand etwas anfangen konnte, so strich der wind weiter \u00fcber die sonne und der horizont dehnte sich vor den segeln &#8211; Wilm Weppelmann<\/p>\n<p>Quellenhinweis: Wilm Weppelmann &#8222;jahre welt-ich &#8211; eine Chronotopie&#8220; Edition Teem M\u00fcnster 2002<\/p>\n<p style=\"text-align: center;\"><strong>Einige Arbeiten, Ausstellungsbeteiligungen und Fotografien bis 1998<br \/>\n<\/strong><\/p>\n<figure id=\"attachment_588\" aria-describedby=\"caption-attachment-588\" style=\"width: 423px\" class=\"wp-caption alignnone\"><a href=\"http:\/\/www.weppelmann.de\/wp-content\/uploads\/2014\/01\/01-portr\u00e4t-1975-_Gr\u00f6\u00dfenver\u00e4nderung.jpg\"><img loading=\"lazy\" decoding=\"async\" class=\"wp-image-588\" src=\"http:\/\/www.weppelmann.de\/wp-content\/uploads\/2014\/01\/01-portr\u00e4t-1975-_Gr\u00f6\u00dfenver\u00e4nderung-210x300.jpg\" alt=\"01 portr\u00e4t 1975 _Gr\u00f6\u00dfenver\u00e4nderung\" width=\"423\" height=\"605\" srcset=\"http:\/\/www.weppelmann.de\/wp-content\/uploads\/2014\/01\/01-portr\u00e4t-1975-_Gr\u00f6\u00dfenver\u00e4nderung-210x300.jpg 210w, http:\/\/www.weppelmann.de\/wp-content\/uploads\/2014\/01\/01-portr\u00e4t-1975-_Gr\u00f6\u00dfenver\u00e4nderung.jpg 668w\" sizes=\"auto, (max-width: 423px) 100vw, 423px\" \/><\/a><figcaption id=\"caption-attachment-588\" class=\"wp-caption-text\">Portr\u00e4t, Mischtechnik 1975<\/figcaption><\/figure>\n<p style=\"text-align: center;\"><!-- [if gte mso 9]><xml>\n<w:WordDocument>\n<w:View>Normal<\/w:View>\n<w:Zoom>0<\/w:Zoom>\n<w:HyphenationZone>21<\/w:HyphenationZone>\n<w:Compatibility>\n<w:BreakWrappedTables\/>\n<w:SnapToGridInCell\/>\n<w:ApplyBreakingRules\/>\n<w:WrapTextWithPunct\/>\n<w:UseAsianBreakRules\/>\n<w:UseFELayout\/>\n<\/w:Compatibility>\n<w:BrowserLevel>MicrosoftInternetExplorer4<\/w:BrowserLevel>\n<\/w:WordDocument>\n<\/xml><![endif]--><\/p>\n<p style=\"text-align: center;\"><!-- [if gte mso 10]><\/p>\n\n\n\n\n\n<style>\n \/* Style Definitions *\/<br \/>table.MsoNormalTable<br \/>{mso-style-name:\"Normale Tabelle\";<br \/>mso-tstyle-rowband-size:0;<br \/>mso-tstyle-colband-size:0;<br \/>mso-style-noshow:yes;<br \/>mso-style-parent:\"\";<br \/>mso-padding-alt:0cm 5.4pt 0cm 5.4pt;<br \/>mso-para-margin:0cm;<br \/>mso-para-margin-bottom:.0001pt;<br \/>mso-pagination:widow-orphan;<br \/>font-size:10.0pt;<br \/>font-family:\"Times New Roman\";}<br \/><\/style>\n\n<![endif]--><\/p>\n<figure id=\"attachment_590\" aria-describedby=\"caption-attachment-590\" style=\"width: 421px\" class=\"wp-caption alignnone\"><a href=\"http:\/\/www.weppelmann.de\/wp-content\/uploads\/2014\/01\/02-plastik-1975_Gr\u00f6\u00dfenver\u00e4nderung.jpg\"><img loading=\"lazy\" decoding=\"async\" class=\"wp-image-590\" src=\"http:\/\/www.weppelmann.de\/wp-content\/uploads\/2014\/01\/02-plastik-1975_Gr\u00f6\u00dfenver\u00e4nderung-111x300.jpg\" alt=\"02 plastik 1975_Gr\u00f6\u00dfenver\u00e4nderung\" width=\"421\" height=\"1137\" srcset=\"http:\/\/www.weppelmann.de\/wp-content\/uploads\/2014\/01\/02-plastik-1975_Gr\u00f6\u00dfenver\u00e4nderung-111x300.jpg 111w, http:\/\/www.weppelmann.de\/wp-content\/uploads\/2014\/01\/02-plastik-1975_Gr\u00f6\u00dfenver\u00e4nderung-379x1024.jpg 379w\" sizes=\"auto, (max-width: 421px) 100vw, 421px\" \/><\/a><figcaption id=\"caption-attachment-590\" class=\"wp-caption-text\">1975<\/figcaption><\/figure>\n<figure id=\"attachment_579\" aria-describedby=\"caption-attachment-579\" style=\"width: 422px\" class=\"wp-caption alignnone\"><a href=\"http:\/\/www.weppelmann.de\/wp-content\/uploads\/2014\/01\/03-FIU-1977.jpg\"><img loading=\"lazy\" decoding=\"async\" class=\"wp-image-579\" src=\"http:\/\/www.weppelmann.de\/wp-content\/uploads\/2014\/01\/03-FIU-1977-300x201.jpg\" alt=\"03 FIU 1977\" width=\"422\" height=\"283\" srcset=\"http:\/\/www.weppelmann.de\/wp-content\/uploads\/2014\/01\/03-FIU-1977-300x201.jpg 300w, http:\/\/www.weppelmann.de\/wp-content\/uploads\/2014\/01\/03-FIU-1977.jpg 1000w\" sizes=\"auto, (max-width: 422px) 100vw, 422px\" \/><\/a><figcaption id=\"caption-attachment-579\" class=\"wp-caption-text\">1977 Kassel &#8222;Free International University&#8220;<\/figcaption><\/figure>\n<figure id=\"attachment_580\" aria-describedby=\"caption-attachment-580\" style=\"width: 425px\" class=\"wp-caption alignnone\"><a href=\"http:\/\/www.weppelmann.de\/wp-content\/uploads\/2014\/01\/04-1979-.jpg\"><img loading=\"lazy\" decoding=\"async\" class=\"wp-image-580\" src=\"http:\/\/www.weppelmann.de\/wp-content\/uploads\/2014\/01\/04-1979--300x206.jpg\" alt=\"04 1979\" width=\"425\" height=\"292\" srcset=\"http:\/\/www.weppelmann.de\/wp-content\/uploads\/2014\/01\/04-1979--300x206.jpg 300w, http:\/\/www.weppelmann.de\/wp-content\/uploads\/2014\/01\/04-1979-.jpg 709w\" sizes=\"auto, (max-width: 425px) 100vw, 425px\" \/><\/a><figcaption id=\"caption-attachment-580\" class=\"wp-caption-text\">1979 Reindeer Werk &amp; Associates<\/figcaption><\/figure>\n<figure id=\"attachment_605\" aria-describedby=\"caption-attachment-605\" style=\"width: 423px\" class=\"wp-caption alignnone\"><a href=\"http:\/\/www.weppelmann.de\/wp-content\/uploads\/2014\/01\/05Plakat19821.jpg\"><img loading=\"lazy\" decoding=\"async\" class=\"wp-image-605 \" src=\"http:\/\/www.weppelmann.de\/wp-content\/uploads\/2014\/01\/05Plakat19821-211x300.jpg\" alt=\"05Plakat1982\" width=\"423\" height=\"602\" srcset=\"http:\/\/www.weppelmann.de\/wp-content\/uploads\/2014\/01\/05Plakat19821-211x300.jpg 211w, http:\/\/www.weppelmann.de\/wp-content\/uploads\/2014\/01\/05Plakat19821.jpg 394w\" sizes=\"auto, (max-width: 423px) 100vw, 423px\" \/><\/a><figcaption id=\"caption-attachment-605\" class=\"wp-caption-text\">1982 Plakat &#8222;Gehirnhinterhof 1&#8220;<\/figcaption><\/figure>\n<figure id=\"attachment_606\" aria-describedby=\"caption-attachment-606\" style=\"width: 418px\" class=\"wp-caption alignnone\"><a href=\"http:\/\/www.weppelmann.de\/wp-content\/uploads\/2014\/01\/06ZeitungsartikelMZ_19831.jpg\"><img loading=\"lazy\" decoding=\"async\" class=\"wp-image-606 \" src=\"http:\/\/www.weppelmann.de\/wp-content\/uploads\/2014\/01\/06ZeitungsartikelMZ_19831-300x190.jpg\" alt=\"06ZeitungsartikelMZ_1983\" width=\"418\" height=\"265\" srcset=\"http:\/\/www.weppelmann.de\/wp-content\/uploads\/2014\/01\/06ZeitungsartikelMZ_19831-300x190.jpg 300w, http:\/\/www.weppelmann.de\/wp-content\/uploads\/2014\/01\/06ZeitungsartikelMZ_19831.jpg 429w\" sizes=\"auto, (max-width: 418px) 100vw, 418px\" \/><\/a><figcaption id=\"caption-attachment-606\" class=\"wp-caption-text\">1983 Zeitungsartikel<\/figcaption><\/figure>\n<figure id=\"attachment_604\" aria-describedby=\"caption-attachment-604\" style=\"width: 422px\" class=\"wp-caption alignnone\"><a href=\"http:\/\/www.weppelmann.de\/wp-content\/uploads\/2014\/01\/07-Plakat-Wolfgang-Borchert-1985.jpg\"><img loading=\"lazy\" decoding=\"async\" class=\"wp-image-604 \" src=\"http:\/\/www.weppelmann.de\/wp-content\/uploads\/2014\/01\/07-Plakat-Wolfgang-Borchert-1985-206x300.jpg\" alt=\"07 Plakat Wolfgang Borchert 1985\" width=\"422\" height=\"615\" srcset=\"http:\/\/www.weppelmann.de\/wp-content\/uploads\/2014\/01\/07-Plakat-Wolfgang-Borchert-1985-206x300.jpg 206w, http:\/\/www.weppelmann.de\/wp-content\/uploads\/2014\/01\/07-Plakat-Wolfgang-Borchert-1985.jpg 236w\" sizes=\"auto, (max-width: 422px) 100vw, 422px\" \/><\/a><figcaption id=\"caption-attachment-604\" class=\"wp-caption-text\">1985 Plakatentwurf &#8222;Wolfgang Borchert Theater&#8220;<\/figcaption><\/figure>\n<figure id=\"attachment_603\" aria-describedby=\"caption-attachment-603\" style=\"width: 432px\" class=\"wp-caption alignnone\"><img loading=\"lazy\" decoding=\"async\" class=\"wp-image-603\" src=\"http:\/\/www.weppelmann.de\/wp-content\/uploads\/2014\/01\/08-Bretagne-1985-300x199.jpg\" alt=\"08 Bretagne 1985\" width=\"432\" height=\"286\" srcset=\"http:\/\/www.weppelmann.de\/wp-content\/uploads\/2014\/01\/08-Bretagne-1985-300x199.jpg 300w, http:\/\/www.weppelmann.de\/wp-content\/uploads\/2014\/01\/08-Bretagne-1985.jpg 394w\" sizes=\"auto, (max-width: 432px) 100vw, 432px\" \/><figcaption id=\"caption-attachment-603\" class=\"wp-caption-text\">1985 Fotografie oder die Entdeckung der Landschaft<\/figcaption><\/figure>\n<figure id=\"attachment_610\" aria-describedby=\"caption-attachment-610\" style=\"width: 433px\" class=\"wp-caption alignnone\"><a href=\"http:\/\/www.weppelmann.de\/wp-content\/uploads\/2014\/01\/09-PAVOR-2-1988.jpg\"><img loading=\"lazy\" decoding=\"async\" class=\"wp-image-610 \" src=\"http:\/\/www.weppelmann.de\/wp-content\/uploads\/2014\/01\/09-PAVOR-2-1988-213x300.jpg\" alt=\"09 PAVOR-2 1988\" width=\"433\" height=\"610\" srcset=\"http:\/\/www.weppelmann.de\/wp-content\/uploads\/2014\/01\/09-PAVOR-2-1988-213x300.jpg 213w, http:\/\/www.weppelmann.de\/wp-content\/uploads\/2014\/01\/09-PAVOR-2-1988.jpg 394w\" sizes=\"auto, (max-width: 433px) 100vw, 433px\" \/><\/a><figcaption id=\"caption-attachment-610\" class=\"wp-caption-text\">1988 Fotografie &#8211; Pavor Nocturnus 2<\/figcaption><\/figure>\n<figure id=\"attachment_626\" aria-describedby=\"caption-attachment-626\" style=\"width: 437px\" class=\"wp-caption alignnone\"><a href=\"http:\/\/www.weppelmann.de\/wp-content\/uploads\/2014\/01\/Aus-dem-w\u00f6rterbuch-der-Sterblichkeiten.jpg\"><img loading=\"lazy\" decoding=\"async\" class=\"wp-image-626 \" src=\"http:\/\/www.weppelmann.de\/wp-content\/uploads\/2014\/01\/Aus-dem-w\u00f6rterbuch-der-Sterblichkeiten-180x300.jpg\" alt=\"Aus dem w\u00f6rterbuch der Sterblichkeiten\" width=\"437\" height=\"728\" srcset=\"http:\/\/www.weppelmann.de\/wp-content\/uploads\/2014\/01\/Aus-dem-w\u00f6rterbuch-der-Sterblichkeiten-180x300.jpg 180w, http:\/\/www.weppelmann.de\/wp-content\/uploads\/2014\/01\/Aus-dem-w\u00f6rterbuch-der-Sterblichkeiten.jpg 435w\" sizes=\"auto, (max-width: 437px) 100vw, 437px\" \/><\/a><figcaption id=\"caption-attachment-626\" class=\"wp-caption-text\">1995 Buch &#8222;Aus dem W\u00f6rterbuch der Sterblichkeiten&#8220;<\/figcaption><\/figure>\n<p style=\"text-align: center;\"><strong>&#8222;What\u2019s past is prologue&#8220; William Shakespeare &#8222;<i>The Tempest<\/i>&#8220; Act 2, Scene I<\/strong><\/p>\n<p>&nbsp;<\/p>\n<\/div>","protected":false},"excerpt":{"rendered":"<p>\u201eAlle Vergangenheit ist nur ein Prolog.\u201c William Shakespeare &#8222;Der Sturm&#8220; ]~0[ &#8222;What\u2019s past is prologue&#8220; William Shakespeare &#8222;The Tempest&#8220; Act<\/p>\n","protected":false},"author":2,"featured_media":0,"parent":32,"menu_order":0,"comment_status":"closed","ping_status":"closed","template":"","meta":{"footnotes":""},"class_list":["post-539","page","type-page","status-publish","hentry"],"_links":{"self":[{"href":"http:\/\/www.weppelmann.de\/index.php?rest_route=\/wp\/v2\/pages\/539","targetHints":{"allow":["GET"]}}],"collection":[{"href":"http:\/\/www.weppelmann.de\/index.php?rest_route=\/wp\/v2\/pages"}],"about":[{"href":"http:\/\/www.weppelmann.de\/index.php?rest_route=\/wp\/v2\/types\/page"}],"author":[{"embeddable":true,"href":"http:\/\/www.weppelmann.de\/index.php?rest_route=\/wp\/v2\/users\/2"}],"replies":[{"embeddable":true,"href":"http:\/\/www.weppelmann.de\/index.php?rest_route=%2Fwp%2Fv2%2Fcomments&post=539"}],"version-history":[{"count":53,"href":"http:\/\/www.weppelmann.de\/index.php?rest_route=\/wp\/v2\/pages\/539\/revisions"}],"predecessor-version":[{"id":1488,"href":"http:\/\/www.weppelmann.de\/index.php?rest_route=\/wp\/v2\/pages\/539\/revisions\/1488"}],"up":[{"embeddable":true,"href":"http:\/\/www.weppelmann.de\/index.php?rest_route=\/wp\/v2\/pages\/32"}],"wp:attachment":[{"href":"http:\/\/www.weppelmann.de\/index.php?rest_route=%2Fwp%2Fv2%2Fmedia&parent=539"}],"curies":[{"name":"wp","href":"https:\/\/api.w.org\/{rel}","templated":true}]}}